{"id":1027,"date":"2024-09-12T16:14:37","date_gmt":"2024-09-12T14:14:37","guid":{"rendered":"https:\/\/spdgirona.com\/?page_id=1027"},"modified":"2025-01-30T16:29:23","modified_gmt":"2025-01-30T15:29:23","slug":"politica-de-privacidad","status":"publish","type":"page","link":"https:\/\/spdgirona.com\/es\/politica-de-privacidad\/","title":{"rendered":"Pol\u00edtica de privacidad"},"content":{"rendered":"\t\t<div data-elementor-type=\"wp-page\" data-elementor-id=\"1027\" class=\"elementor elementor-1027 elementor-3\" data-elementor-post-type=\"page\">\n\t\t\t\t<div class=\"elementor-element elementor-element-6640b73e e-flex e-con-boxed e-con e-parent\" data-id=\"6640b73e\" data-element_type=\"container\">\n\t\t\t\t\t<div class=\"e-con-inner\">\n\t\t\t\t<div class=\"elementor-element elementor-element-ed31fa1 elementor-widget elementor-widget-heading\" data-id=\"ed31fa1\" data-element_type=\"widget\" data-widget_type=\"heading.default\">\n\t\t\t\t<div class=\"elementor-widget-container\">\n\t\t\t\t\t<div class=\"elementor-heading-title elementor-size-default\">Pol\u00edtica de privacidad<\/div>\t\t\t\t<\/div>\n\t\t\t\t<\/div>\n\t\t\t\t<div class=\"elementor-element elementor-element-3ec3538 elementor-widget elementor-widget-text-editor\" data-id=\"3ec3538\" data-element_type=\"widget\" data-widget_type=\"text-editor.default\">\n\t\t\t\t<div class=\"elementor-widget-container\">\n\t\t\t\t\t\t\t\t\t<p>\u00a0\u00a0\u00a0\u00a0\u00a0\u00a0\u00a0\u00a0\u00a0<\/p><table width=\"585\"><tbody><tr><td colspan=\"3\" width=\"585\"><p><strong>Informaci\u00f3n b\u00e1sica sobre Protecci\u00f3n de Datos<\/strong><\/p><\/td><\/tr><tr><td width=\"154\"><p><strong>Responsable<\/strong><\/p><\/td><td width=\"430\"><p>SPD GIRONA S.L.<br \/>CIF B17367491<br \/>Ronda Canaleta, num. 32, 17820, Banyoles (Girona)<br \/>Telf: 972 572 633<br \/>spdgirona@spdgirona.com<\/p><\/td><\/tr><tr><td width=\"154\"><p><strong>Finalidad<\/strong><\/p><\/td><td width=\"430\"><p>1) Consultas y solicitudes de informaci\u00f3n de terceros: Gestionar y responder las consultas y solicitudes de informaci\u00f3n realizadas a trav\u00e9s de los medios de contacto disponibles en la web.<\/p><p>2) Solic\u00edtanos presupuesto: Gestionar el env\u00edo del presupuesto solicitado por el potencial cliente.<\/p><\/td><\/tr><tr><td width=\"154\"><p><strong>Legitimaci\u00f3n<\/strong><\/p><\/td><td width=\"430\"><p>1) Consultas y solicitudes de informaci\u00f3n de terceros: Inter\u00e9s leg\u00edtimo para gestionar y responder las consultas y solicitudes planteadas por el interesado por correo electr\u00f3nico y consentimiento expl\u00edcito en el formulario de contacto.<\/p><p>2) Solic\u00edtanos presupuesto: Consentimiento expl\u00edcito otorgado por el interesado a trav\u00e9s del formulario para solicitar presupuesto.<\/p><\/td><\/tr><tr><td width=\"154\"><p><strong>Conservaci\u00f3n<\/strong><\/p><\/td><td width=\"430\"><p>Los datos personales ser\u00e1n conservados mientras sean necesarios para cumplir con la finalidad para la cual fueron recabados. Una vez alcanzada dicha finalidad, los datos se bloquear\u00e1n y quedar\u00e1n disponibles \u00fanicamente para atender posibles responsabilidades legales, administrativas o judiciales durante los plazos de prescripci\u00f3n aplicables. Tras este periodo, los datos ser\u00e1n eliminados de forma segura. En la segunda capa informativa se detallan los plazos espec\u00edficos de conservaci\u00f3n aplicables a cada categor\u00eda de datos.<\/p><\/td><\/tr><tr><td width=\"154\"><p><strong>Procedencia<\/strong><\/p><\/td><td width=\"430\"><p>1) Consultas y solicitudes de informaci\u00f3n de terceros: Los datos son proporcionados por el propio interesado o su representante legal mediante los medios de contacto habilitados.<\/p><p>2) Solic\u00edtanos presupuesto: Los datos son recabados directamente del interesado o su representante legal a trav\u00e9s del formulario para solicitar presupuesto.<\/p><\/td><\/tr><tr><td width=\"154\"><p><strong>Destinatarios<\/strong><\/p><\/td><td width=\"430\"><p>Los datos personales ser\u00e1n tratados exclusivamente por \u201cSPD\u201d. Asimismo, podr\u00e1n ser compartidos con prestadores de servicios que act\u00faan como encargados del tratamiento, quienes nos asisten en la prestaci\u00f3n de servicios necesarios para el cumplimiento de las finalidades. Estos encargados han formalizado el correspondiente contrato de encargo del tratamiento en cumplimiento del art\u00edculo 28 del RGPD, asegurando medidas adecuadas de protecci\u00f3n y confidencialidad.<\/p><\/td><\/tr><tr><td width=\"154\"><p><strong>Transferencias internacionales<\/strong><\/p><\/td><td width=\"430\"><p>No se realizan transferencias internacionales.<\/p><\/td><\/tr><tr><td width=\"154\"><p><strong>Derechos<\/strong><\/p><\/td><td width=\"430\"><p>Acceso, rectificaci\u00f3n, oposici\u00f3n, supresi\u00f3n, limitaci\u00f3n del tratamiento y portabilidad de los datos personales, como se explica en el correspondiente apartado.<\/p><\/td><\/tr><tr><td width=\"154\"><p><strong>Informaci\u00f3n adicional<\/strong><\/p><\/td><td width=\"430\"><p>Puede consultar la informaci\u00f3n adicional y detallada sobre Protecci\u00f3n de Datos en el desglose de apartados que le presentamos a continuaci\u00f3n (segunda capa informativa).<\/p><\/td><\/tr><\/tbody><\/table><p>\u00a0<\/p><p><strong>Informaci\u00f3n general<\/strong><\/p><p>La presente Pol\u00edtica de Privacidad tiene como finalidad dar a conocer las condiciones que rigen la recogida y tratamiento de sus datos personales por parte de nuestra entidad para velar por los derechos fundamentales, su honor y libertades, todo ello en cumplimiento de las normativas vigentes que regulan la Protecci\u00f3n de Datos personales: el Reglamento 2016\/679, del Parlamento Europeo y del Consejo, del 27 de abril de 2016, relativo a la protecci\u00f3n de las personas f\u00edsicas en lo que respecta al tratamiento de datos personales y a la circulaci\u00f3n de estos datos, (en adelante RGPD); y la Ley Org\u00e1nica 3\/2018, de 5 de diciembre, de Protecci\u00f3n de Datos Personales y garant\u00eda de los derechos digitales (en adelante LOPDGDD).<\/p><p>En conformidad con dichas normativas, necesitamos disponer de su autorizaci\u00f3n y consentimiento para la recogida y el tratamiento de sus datos personales, por lo que a continuaci\u00f3n, le indicamos todos los detalles de su inter\u00e9s respecto a c\u00f3mo realizamos estos procesos, con qu\u00e9 finalidades, que otras entidades podr\u00edan tener acceso a sus datos y cu\u00e1les son sus derechos.<\/p><p><strong>Responsable. \u00bfQui\u00e9n es el Responsable del tratamiento de sus datos?<\/strong><\/p><p>El Responsable del Tratamiento de Datos es aquella persona f\u00edsica o jur\u00eddica, de naturaleza p\u00fablica o privada, u \u00f3rgano administrativo, que solo o conjuntamente con otros determine los fines y medios del tratamiento de datos personales.<\/p><p>Le informamos que SPD GIRONA S.L. (en adelante \u201cSPD\u201d) es la titular de la web spdgirona.com, con CIF B17367491 y direcci\u00f3n en Ronda Canaleta, num. 32, 17820, Banyoles (Girona). Puede contactar por correo electr\u00f3nico en spdgirona@spdgirona.com o bien telef\u00f3nicamente al 972 572 633.<\/p><p>Los datos personales que se recojan ser\u00e1n \u00fanicamente aquellos estrictamente necesarios para identificar y gestionar la solicitud planteada por el interesado. Dichos datos ser\u00e1n tratados de forma leal, l\u00edcita y transparente, y siempre en relaci\u00f3n con las finalidades establecidas.<\/p><p>Los datos se recoger\u00e1n \u00fanicamente para finalidades espec\u00edficas, expl\u00edcitas y leg\u00edtimas, y no ser\u00e1n tratados posteriormente de manera incompatible con dichos fines. Adem\u00e1s, se garantizar\u00e1 que sean adecuados, pertinentes y limitados a lo necesario en funci\u00f3n de las finalidades aplicables, y ser\u00e1n actualizados cuando sea necesario.<\/p><p>Antes de la recogida de los datos, el interesado ser\u00e1 informado de los aspectos esenciales establecidos en esta pol\u00edtica, para que pueda otorgar un consentimiento claro, informado y espec\u00edfico, si este resulta necesario.<\/p><p><strong>Finalidad. \u00bfCon qu\u00e9 finalidad tratamos sus datos personales?<\/strong><\/p><p>La informaci\u00f3n personal que nos facilite a trav\u00e9s de correos electr\u00f3nicos y formularios ser\u00e1 tratada de forma confidencial y con las m\u00e1ximas garant\u00edas de protecci\u00f3n. En ning\u00fan caso ser\u00e1 utilizada para fines distintos de los especificados ni ser\u00e1 comunicada a terceros sin el consentimiento del interesado, salvo obligaci\u00f3n legal, de acuerdo con los principios establecidos en el RGPD (Reglamento UE 2016\/679) y la L.O. 3\/2018 de Protecci\u00f3n de Datos y Garant\u00eda de los Derechos Digitales.<\/p><p>Para garantizar la seguridad de sus datos personales, hemos implementado diferentes niveles de protecci\u00f3n y adoptado todas las medidas t\u00e9cnicas y organizativas necesarias para evitar su p\u00e9rdida, uso indebido, alteraci\u00f3n, acceso no autorizado o manipulaci\u00f3n.<\/p><p>\u00a0<\/p><p>A continuaci\u00f3n, se detallan los usos y finalidades espec\u00edficas de los datos personales:<\/p><p>1) Consultas y solicitudes de informaci\u00f3n de terceros: Gestionar y responder las consultas y solicitudes de informaci\u00f3n realizadas a trav\u00e9s de los medios de contacto disponibles en la web.<\/p><p>2) Solic\u00edtanos presupuesto: Gestionar el env\u00edo del presupuesto solicitado por el potencial cliente.<\/p><p><strong>Legitimaci\u00f3n. \u00bfCu\u00e1l es la legitimaci\u00f3n para el tratamiento de sus datos?<\/strong><\/p><p>La recogida y el tratamiento de sus datos personales est\u00e1n siempre legitimados por una o varias bases jur\u00eddicas, que detallamos a continuaci\u00f3n:<\/p><p>1) Consultas y solicitudes de informaci\u00f3n de terceros: Inter\u00e9s leg\u00edtimo para gestionar y responder las consultas y solicitudes planteadas por el interesado por correo electr\u00f3nico y consentimiento expl\u00edcito en el formulario de contacto.<\/p><p>2) Solic\u00edtanos presupuesto: Consentimiento expl\u00edcito otorgado por el interesado a trav\u00e9s del formulario para solicitar presupuesto.<\/p><p><strong>Conservaci\u00f3n. \u00bfPor cu\u00e1nto tiempo conservaremos sus datos?<\/strong><\/p><p>Utilizamos sus datos personales \u00fanicamente durante el tiempo necesario para cumplir con las finalidades mencionadas anteriormente. A continuaci\u00f3n, se detallan los plazos de conservaci\u00f3n aplicables seg\u00fan el tipo de informaci\u00f3n:<\/p><table width=\"100%\"><tbody><tr><td width=\"199\"><p>DOCUMENTO<\/p><\/td><td width=\"122\"><p>PLAZO<\/p><\/td><td width=\"244\"><p>REF.\u00a0 LEGAL<\/p><\/td><\/tr><tr><td width=\"199\"><p>Documentaci\u00f3n laboral o relacionada con la seguridad social<\/p><\/td><td width=\"122\"><p>4 a\u00f1os<\/p><\/td><td width=\"244\"><p>Art\u00edculo 21 del Real Decreto Legislativo 5\/2000, de 4 de agosto, por el que se aprueba el texto refundido de la Ley sobre Infracciones y Sanciones en el Orden Social<\/p><\/td><\/tr><tr><td width=\"199\"><p>Documentaci\u00f3n contable y fiscal a efectos mercantiles<\/p><\/td><td width=\"122\"><p>6 a\u00f1os<\/p><\/td><td width=\"244\"><p>Art. 30 C\u00f3digo Comercio<\/p><\/td><\/tr><tr><td width=\"199\"><p>Documentaci\u00f3n contable y fiscal a efectos fiscales<\/p><\/td><td width=\"122\"><p>4 a\u00f1os<\/p><\/td><td width=\"244\"><p>Art\u00edculos 66 a 70 Ley General Tributaria<\/p><\/td><\/tr><tr><td width=\"199\"><p>Datos para el env\u00edo de informaci\u00f3n sobre servicios<\/p><\/td><td width=\"122\"><p>Mientras el interesado no solicite su supresi\u00f3n.<\/p><\/td><td width=\"244\"><p>No aplicable<\/p><\/td><\/tr><tr><td width=\"199\"><p>Datos de personas que han contactado<\/p><\/td><td width=\"122\"><p>Mientras no solicite su supresi\u00f3n<\/p><\/td><td width=\"244\"><p>No aplicable<\/p><\/td><\/tr><\/tbody><\/table><p>\u00a0<\/p><p>En cualquier caso, sus datos personales ser\u00e1n cancelados o bloqueados una vez haya transcurrido el plazo de conservaci\u00f3n establecido para cada tipo de dato, en conformidad con las disposiciones legales aplicables.<\/p><p><strong>Procedencia. \u00bfC\u00f3mo hemos obtenido sus datos?<\/strong><\/p><p>Visitar la web de \u201cSPD\u201d no implica que el usuario est\u00e9 obligado a proporcionar informaci\u00f3n sobre s\u00ed mismo, salvo que decida interactuar con los formularios disponibles en la web.<\/p><p>\u00a0<\/p><p>\u201cSPD\u201d proh\u00edbe expresamente que los menores de dieciocho a\u00f1os faciliten datos personales sin el consentimiento previo de sus padres o tutores.<\/p><p>A continuaci\u00f3n, le indicamos la procedencia de los datos:<\/p><p>1) Consultas y solicitudes de informaci\u00f3n de terceros: Los datos son proporcionados directamente por el propio interesado o su representante legal, a trav\u00e9s de los medios de contacto habilitados en la web (como el formulario de contacto o correo electr\u00f3nico).<\/p><p>En el formulario de contacto se solicitar\u00e1 el nombre, apellidos, nombre de la empresa o entidad, direcci\u00f3n de correo electr\u00f3nico y tel\u00e9fono.<\/p><p>2) Solic\u00edtanos presupuesto: Los datos son recabados directamente del interesado o su representante legal mediante el formulario de solicitud de presupuesto habilitado para este fin.<\/p><p>En el formulario de solicitud de presupuesto se solicitar\u00e1 el nombre, apellidos, nombre de la empresa o entidad, direcci\u00f3n de correo electr\u00f3nico y tel\u00e9fono.<\/p><p><strong>\u00a0<\/strong><\/p><p><strong>Medidas de seguridad. \u00bfQu\u00e9 hacemos para proteger sus datos?<\/strong><\/p><p>\u201cSPD\u201d adopta las medidas organizativas y t\u00e9cnicas necesarias para garantizar la seguridad y privacidad de los datos personales, protegi\u00e9ndolos frente a alteraciones, p\u00e9rdidas, tratamientos o accesos no autorizados. Estas medidas se aplican teniendo en cuenta el estado de la tecnolog\u00eda, la naturaleza de los datos almacenados y los riesgos a los que est\u00e1n expuestos.\u00a0<\/p><p>Entre otras, se implementan las siguientes medidas:<\/p><ul><li><strong>Confidencialidad, integridad, disponibilidad y resiliencia<\/strong>permanentes de los sistemas y servicios que gestionan el tratamiento de datos personales.<\/li><li><strong>Restauraci\u00f3n r\u00e1pida<\/strong>de la disponibilidad y el acceso a los datos personales en caso de un incidente f\u00edsico o t\u00e9cnico.<\/li><li><strong>Evaluaci\u00f3n continua<\/strong>de la eficacia de las medidas t\u00e9cnicas y organizativas implementadas para garantizar la seguridad del tratamiento, mediante pruebas, auditor\u00edas y evaluaciones peri\u00f3dicas.<\/li><li><strong>Seudonimizaci\u00f3n y cifrado de datos<\/strong>personales, especialmente en el caso de datos sensibles, para proteger la privacidad de los usuarios.<\/li><li><strong>Acceso restringido<\/strong>a los datos personales, limitando el acceso a empleados o colaboradores que necesiten dicha informaci\u00f3n para desempe\u00f1ar sus funciones.<\/li><li><strong>Plan de respuesta ante incidentes<\/strong>: En caso de incidentes de seguridad, se activar\u00e1n los protocolos establecidos para mitigar los riesgos y garantizar la protecci\u00f3n de los datos personales.<\/li><\/ul><p><strong>Destinatarios. \u00bfA qu\u00e9 destinatarios se comunicar\u00e1n sus datos?<\/strong><\/p><p>Los datos personales ser\u00e1n tratados por\u00a0\u201cSPD\u201d\u00a0y, en su caso, compartidos con proveedores de servicios que nos prestan soporte en la gesti\u00f3n y ejecuci\u00f3n de determinados procesos (encargados del tratamiento), con los que se ha formalizado el contrato necesario conforme al art\u00edculo 28 del RGPD. Estos encargados del tratamiento procesar\u00e1n los datos \u00fanicamente para los fines establecidos por\u00a0\u201cSPD\u201d\u00a0y bajo nuestras instrucciones, garantizando la seguridad y protecci\u00f3n de los datos personales.<\/p><p><strong>Derechos. \u00bfCu\u00e1les son sus derechos cuando nos facilita sus datos?<\/strong><\/p><p>La normativa vigente de protecci\u00f3n de datos le ampara en una serie de derechos en relaci\u00f3n con el uso que le damos a sus datos personales. Todos y cada uno de sus derechos son unipersonales e intransferibles, es decir, que \u00fanicamente pueden ser ejercidos por el titular de los datos, previa comprobaci\u00f3n de su identidad.\u00a0<\/p><p>A continuaci\u00f3n, le indicamos cuales son los derechos que le asisten:\u00a0<\/p><ul><li>Solicitar el acceso a sus datos personales<\/li><li>Solicitar la rectificaci\u00f3n de sus datos<\/li><li>Solicitar la supresi\u00f3n o eliminaci\u00f3n de sus datos (derecho al \u00abolvido\u00bb)<\/li><li>Derecho a la portabilidad de sus datos para casos de servicios de telecomunicaciones o internet.<\/li><li>Limitar u oponerse al uso que le damos a sus datos<\/li><li>Derecho a retirar su consentimiento en cualquier momento<\/li><li>Derecho a presentar una reclamaci\u00f3n en materia de protecci\u00f3n de datos ante la Autoridad de Control: Agencia Espa\u00f1ola de Protecci\u00f3n de Datos<\/li><\/ul><p>\u00a0<\/p><p>\u00bfC\u00f3mo puede ejercer sus derechos?<\/p><p>Para el ejercicio de sus derechos de acceso, rectificaci\u00f3n, supresi\u00f3n, limitaci\u00f3n u oposici\u00f3n, portabilidad y retirada de su consentimiento, puede hacerlo de la siguiente forma:<\/p><p>Presencialmente o por correo electr\u00f3nico en:<\/p><p>SPD GIRONA S.L.<br \/>CIF B17367491<br \/>spdgirona@spdgirona.com<\/p><p>Adem\u00e1s de los derechos que le asisten, si cree que sus datos no se est\u00e1n recabando o tratando conforme a la normativa vigente de Protecci\u00f3n de Datos, usted podr\u00e1 realizar una reclamaci\u00f3n ante la Autoridad de Control, cuyos datos de contacto indicamos a continuaci\u00f3n:<\/p><p>Agencia Espa\u00f1ola de Protecci\u00f3n de Datos<\/p><p>C\/ Jorge Juan, 6. 28001, Madrid.<br \/>Email: info@agpd.es<br \/>Tel\u00e9fono: 912663517<br \/>Web: https:\/\/www.agpd.es<\/p><p><strong>Consentimiento y aceptaci\u00f3n<\/strong><\/p><p>Al aceptar esta pol\u00edtica de privacidad, usted declara haber le\u00eddo, entendido y aceptado las cl\u00e1usulas de la misma. Asimismo, autoriza expresamente el tratamiento de sus datos personales conforme a los fines y condiciones establecidos en este documento.<\/p>\t\t\t\t\t\t\t\t<\/div>\n\t\t\t\t<\/div>\n\t\t\t\t\t<\/div>\n\t\t\t\t<\/div>\n\t\t\t\t<\/div>\n\t\t","protected":false},"excerpt":{"rendered":"<p>Pol\u00edtica de privacidad \u00a0\u00a0\u00a0\u00a0\u00a0\u00a0\u00a0\u00a0\u00a0 Informaci\u00f3n b\u00e1sica sobre Protecci\u00f3n de Datos Responsable SPD GIRONA S.L.CIF B17367491Ronda Canaleta, num. 32, 17820, Banyoles (Girona)Telf: 972 572 633spdgirona@spdgirona.com Finalidad 1) Consultas y solicitudes de informaci\u00f3n de terceros: Gestionar y responder las consultas y solicitudes de informaci\u00f3n realizadas a trav\u00e9s de los medios de contacto disponibles en la web. 2) [&hellip;]<\/p>\n","protected":false},"author":1,"featured_media":0,"parent":0,"menu_order":0,"comment_status":"closed","ping_status":"open","template":"","meta":{"footnotes":""},"class_list":["post-1027","page","type-page","status-publish","hentry"],"yoast_head":"<!-- This site is optimized with the Yoast SEO plugin v26.6 - https:\/\/yoast.com\/wordpress\/plugins\/seo\/ -->\n<title>Pol\u00edtica de privacidad - SPD Girona<\/title>\n<meta name=\"robots\" content=\"index, follow, max-snippet:-1, max-image-preview:large, max-video-preview:-1\" \/>\n<link rel=\"canonical\" href=\"https:\/\/spdgirona.com\/es\/politica-de-privacidad\/\" \/>\n<meta property=\"og:locale\" content=\"es_ES\" \/>\n<meta property=\"og:type\" content=\"article\" \/>\n<meta property=\"og:title\" content=\"Pol\u00edtica de privacidad - SPD Girona\" \/>\n<meta property=\"og:description\" content=\"Pol\u00edtica de privacidad \u00a0\u00a0\u00a0\u00a0\u00a0\u00a0\u00a0\u00a0\u00a0 Informaci\u00f3n b\u00e1sica sobre Protecci\u00f3n de Datos Responsable SPD GIRONA S.L.CIF B17367491Ronda Canaleta, num. 32, 17820, Banyoles (Girona)Telf: 972 572 633spdgirona@spdgirona.com Finalidad 1) Consultas y solicitudes de informaci\u00f3n de terceros: Gestionar y responder las consultas y solicitudes de informaci\u00f3n realizadas a trav\u00e9s de los medios de contacto disponibles en la web. 2) [&hellip;]\" \/>\n<meta property=\"og:url\" content=\"https:\/\/spdgirona.com\/es\/politica-de-privacidad\/\" \/>\n<meta property=\"og:site_name\" content=\"SPD Girona\" \/>\n<meta property=\"article:modified_time\" content=\"2025-01-30T15:29:23+00:00\" \/>\n<meta name=\"twitter:card\" content=\"summary_large_image\" \/>\n<meta name=\"twitter:label1\" content=\"Tiempo de lectura\" \/>\n\t<meta name=\"twitter:data1\" content=\"9 minutos\" \/>\n<script type=\"application\/ld+json\" class=\"yoast-schema-graph\">{\"@context\":\"https:\/\/schema.org\",\"@graph\":[{\"@type\":\"WebPage\",\"@id\":\"https:\/\/spdgirona.com\/es\/politica-de-privacidad\/\",\"url\":\"https:\/\/spdgirona.com\/es\/politica-de-privacidad\/\",\"name\":\"Pol\u00edtica de privacidad - SPD Girona\",\"isPartOf\":{\"@id\":\"https:\/\/spdgirona.com\/es\/#website\"},\"datePublished\":\"2024-09-12T14:14:37+00:00\",\"dateModified\":\"2025-01-30T15:29:23+00:00\",\"breadcrumb\":{\"@id\":\"https:\/\/spdgirona.com\/es\/politica-de-privacidad\/#breadcrumb\"},\"inLanguage\":\"es\",\"potentialAction\":[{\"@type\":\"ReadAction\",\"target\":[\"https:\/\/spdgirona.com\/es\/politica-de-privacidad\/\"]}]},{\"@type\":\"BreadcrumbList\",\"@id\":\"https:\/\/spdgirona.com\/es\/politica-de-privacidad\/#breadcrumb\",\"itemListElement\":[{\"@type\":\"ListItem\",\"position\":1,\"name\":\"Portada\",\"item\":\"https:\/\/spdgirona.com\/es\/\"},{\"@type\":\"ListItem\",\"position\":2,\"name\":\"Pol\u00edtica de privacidad\"}]},{\"@type\":\"WebSite\",\"@id\":\"https:\/\/spdgirona.com\/es\/#website\",\"url\":\"https:\/\/spdgirona.com\/es\/\",\"name\":\"SPD Girona\",\"description\":\"\",\"publisher\":{\"@id\":\"https:\/\/spdgirona.com\/es\/#organization\"},\"potentialAction\":[{\"@type\":\"SearchAction\",\"target\":{\"@type\":\"EntryPoint\",\"urlTemplate\":\"https:\/\/spdgirona.com\/es\/?s={search_term_string}\"},\"query-input\":{\"@type\":\"PropertyValueSpecification\",\"valueRequired\":true,\"valueName\":\"search_term_string\"}}],\"inLanguage\":\"es\"},{\"@type\":\"Organization\",\"@id\":\"https:\/\/spdgirona.com\/es\/#organization\",\"name\":\"SPD Girona\",\"url\":\"https:\/\/spdgirona.com\/es\/\",\"logo\":{\"@type\":\"ImageObject\",\"inLanguage\":\"es\",\"@id\":\"https:\/\/spdgirona.com\/es\/#\/schema\/logo\/image\/\",\"url\":\"https:\/\/spdgirona.com\/wp-content\/uploads\/2024\/09\/SPD-girona-2.webp\",\"contentUrl\":\"https:\/\/spdgirona.com\/wp-content\/uploads\/2024\/09\/SPD-girona-2.webp\",\"width\":203,\"height\":52,\"caption\":\"SPD Girona\"},\"image\":{\"@id\":\"https:\/\/spdgirona.com\/es\/#\/schema\/logo\/image\/\"}}]}<\/script>\n<!-- \/ Yoast SEO plugin. -->","yoast_head_json":{"title":"Pol\u00edtica de privacidad - SPD Girona","robots":{"index":"index","follow":"follow","max-snippet":"max-snippet:-1","max-image-preview":"max-image-preview:large","max-video-preview":"max-video-preview:-1"},"canonical":"https:\/\/spdgirona.com\/es\/politica-de-privacidad\/","og_locale":"es_ES","og_type":"article","og_title":"Pol\u00edtica de privacidad - SPD Girona","og_description":"Pol\u00edtica de privacidad \u00a0\u00a0\u00a0\u00a0\u00a0\u00a0\u00a0\u00a0\u00a0 Informaci\u00f3n b\u00e1sica sobre Protecci\u00f3n de Datos Responsable SPD GIRONA S.L.CIF B17367491Ronda Canaleta, num. 32, 17820, Banyoles (Girona)Telf: 972 572 633spdgirona@spdgirona.com Finalidad 1) Consultas y solicitudes de informaci\u00f3n de terceros: Gestionar y responder las consultas y solicitudes de informaci\u00f3n realizadas a trav\u00e9s de los medios de contacto disponibles en la web. 2) [&hellip;]","og_url":"https:\/\/spdgirona.com\/es\/politica-de-privacidad\/","og_site_name":"SPD Girona","article_modified_time":"2025-01-30T15:29:23+00:00","twitter_card":"summary_large_image","twitter_misc":{"Tiempo de lectura":"9 minutos"},"schema":{"@context":"https:\/\/schema.org","@graph":[{"@type":"WebPage","@id":"https:\/\/spdgirona.com\/es\/politica-de-privacidad\/","url":"https:\/\/spdgirona.com\/es\/politica-de-privacidad\/","name":"Pol\u00edtica de privacidad - SPD Girona","isPartOf":{"@id":"https:\/\/spdgirona.com\/es\/#website"},"datePublished":"2024-09-12T14:14:37+00:00","dateModified":"2025-01-30T15:29:23+00:00","breadcrumb":{"@id":"https:\/\/spdgirona.com\/es\/politica-de-privacidad\/#breadcrumb"},"inLanguage":"es","potentialAction":[{"@type":"ReadAction","target":["https:\/\/spdgirona.com\/es\/politica-de-privacidad\/"]}]},{"@type":"BreadcrumbList","@id":"https:\/\/spdgirona.com\/es\/politica-de-privacidad\/#breadcrumb","itemListElement":[{"@type":"ListItem","position":1,"name":"Portada","item":"https:\/\/spdgirona.com\/es\/"},{"@type":"ListItem","position":2,"name":"Pol\u00edtica de privacidad"}]},{"@type":"WebSite","@id":"https:\/\/spdgirona.com\/es\/#website","url":"https:\/\/spdgirona.com\/es\/","name":"SPD Girona","description":"","publisher":{"@id":"https:\/\/spdgirona.com\/es\/#organization"},"potentialAction":[{"@type":"SearchAction","target":{"@type":"EntryPoint","urlTemplate":"https:\/\/spdgirona.com\/es\/?s={search_term_string}"},"query-input":{"@type":"PropertyValueSpecification","valueRequired":true,"valueName":"search_term_string"}}],"inLanguage":"es"},{"@type":"Organization","@id":"https:\/\/spdgirona.com\/es\/#organization","name":"SPD Girona","url":"https:\/\/spdgirona.com\/es\/","logo":{"@type":"ImageObject","inLanguage":"es","@id":"https:\/\/spdgirona.com\/es\/#\/schema\/logo\/image\/","url":"https:\/\/spdgirona.com\/wp-content\/uploads\/2024\/09\/SPD-girona-2.webp","contentUrl":"https:\/\/spdgirona.com\/wp-content\/uploads\/2024\/09\/SPD-girona-2.webp","width":203,"height":52,"caption":"SPD Girona"},"image":{"@id":"https:\/\/spdgirona.com\/es\/#\/schema\/logo\/image\/"}}]}},"_links":{"self":[{"href":"https:\/\/spdgirona.com\/es\/wp-json\/wp\/v2\/pages\/1027","targetHints":{"allow":["GET"]}}],"collection":[{"href":"https:\/\/spdgirona.com\/es\/wp-json\/wp\/v2\/pages"}],"about":[{"href":"https:\/\/spdgirona.com\/es\/wp-json\/wp\/v2\/types\/page"}],"author":[{"embeddable":true,"href":"https:\/\/spdgirona.com\/es\/wp-json\/wp\/v2\/users\/1"}],"replies":[{"embeddable":true,"href":"https:\/\/spdgirona.com\/es\/wp-json\/wp\/v2\/comments?post=1027"}],"version-history":[{"count":7,"href":"https:\/\/spdgirona.com\/es\/wp-json\/wp\/v2\/pages\/1027\/revisions"}],"predecessor-version":[{"id":1034,"href":"https:\/\/spdgirona.com\/es\/wp-json\/wp\/v2\/pages\/1027\/revisions\/1034"}],"wp:attachment":[{"href":"https:\/\/spdgirona.com\/es\/wp-json\/wp\/v2\/media?parent=1027"}],"curies":[{"name":"wp","href":"https:\/\/api.w.org\/{rel}","templated":true}]}}